{"id":2786,"date":"2023-05-23T10:42:19","date_gmt":"2023-05-23T08:42:19","guid":{"rendered":"https:\/\/stroteam.com\/?page_id=2786"},"modified":"2025-04-19T22:13:01","modified_gmt":"2025-04-19T20:13:01","slug":"documents","status":"publish","type":"page","link":"https:\/\/stroteam.com\/index.php\/documents\/","title":{"rendered":"Documents"},"content":{"rendered":"\n[et_pb_section fb_built=&#8221;1&#8243; admin_label=&#8221;Hero Section&#8221; _builder_version=&#8221;4.20.4&#8243; background_enable_color=&#8221;off&#8221; use_background_color_gradient=&#8221;on&#8221; background_color_gradient_stops=&#8221;#2b3f03 0%|rgba(0,0,0,0) 98%&#8221; background_color_gradient_overlays_image=&#8221;on&#8221; background_image=&#8221;http:\/\/stroteam.com\/wp-content\/uploads\/2023\/04\/Fond-Landing-T.jpg&#8221; background_position=&#8221;bottom_center&#8221; max_width=&#8221;100%&#8221; height=&#8221;270px&#8221; custom_padding=&#8221;127px|0px|0px|0px||&#8221; animation_style=&#8221;slide&#8221; animation_direction=&#8221;top&#8221; animation_intensity_slide=&#8221;2%&#8221; animation_starting_opacity=&#8221;100%&#8221; collapsed=&#8221;on&#8221; global_colors_info=&#8221;{}&#8221;][et_pb_row column_structure=&#8221;1_2,1_2&#8243; _builder_version=&#8221;4.16&#8243; max_width=&#8221;1440px&#8221; custom_margin=&#8221;-83px|auto||auto||&#8221; use_custom_width=&#8221;on&#8221; custom_width_px=&#8221;1440px&#8221; global_colors_info=&#8221;{}&#8221;][et_pb_column type=&#8221;1_2&#8243; _builder_version=&#8221;4.16&#8243; custom_padding=&#8221;|||&#8221; global_colors_info=&#8221;{}&#8221; custom_padding__hover=&#8221;|||&#8221;][et_pb_image src=&#8221;http:\/\/stroteam.com\/wp-content\/uploads\/2023\/04\/Sor3.png&#8221; title_text=&#8221;Sor3&#8243; show_bottom_space=&#8221;off&#8221; align=&#8221;center&#8221; disabled_on=&#8221;on|on|off&#8221; _builder_version=&#8221;4.20.4&#8243; width=&#8221;150%&#8221; max_width=&#8221;103%&#8221; max_height=&#8221;241px&#8221; custom_margin=&#8221;-51px|-91px|-51px|-91px|true|true&#8221; custom_padding=&#8221;0px|||||&#8221; animation_style=&#8221;slide&#8221; animation_direction=&#8221;right&#8221; animation_intensity_slide=&#8221;6%&#8221; always_center_on_mobile=&#8221;off&#8221; global_colors_info=&#8221;{}&#8221;][\/et_pb_image][\/et_pb_column][et_pb_column type=&#8221;1_2&#8243; _builder_version=&#8221;4.16&#8243; custom_padding=&#8221;40px|||&#8221; global_colors_info=&#8221;{}&#8221; custom_padding__hover=&#8221;|||&#8221;][et_pb_text disabled_on=&#8221;off|off|off&#8221; _builder_version=&#8221;4.20.4&#8243; text_font=&#8221;||||||||&#8221; text_font_size=&#8221;21px&#8221; header_font=&#8221;Playfair Display|700|||||||&#8221; header_text_color=&#8221;#ffffff&#8221; header_font_size=&#8221;60px&#8221; header_line_height=&#8221;1.5em&#8221; header_2_font=&#8221;||||||||&#8221; header_3_font=&#8221;||||||||&#8221; header_4_font=&#8221;||||||||&#8221; header_5_font=&#8221;||||||||&#8221; header_6_font=&#8221;||||||||&#8221; custom_margin=&#8221;-37px||-37px|-190px|true|false&#8221; custom_padding=&#8221;0px||0px||true|false&#8221; hover_enabled=&#8221;0&#8243; locked=&#8221;off&#8221; global_colors_info=&#8221;{}&#8221; content_last_edited=&#8221;on|phone&#8221; sticky_enabled=&#8221;0&#8243; content_phone=&#8221;<h1 style=%22text-align: center;%22>Documents<\/h1>&#8221; content_tablet=&#8221;<h1>Documents<\/h1>&#8220;]<h1>Documents<\/h1>[\/et_pb_text][\/et_pb_column][\/et_pb_row][\/et_pb_section][et_pb_section fb_built=&#8221;1&#8243; admin_label=&#8221;Section&#8221; _builder_version=&#8221;4.20.4&#8243; _module_preset=&#8221;default&#8221; custom_padding=&#8221;14px||0px|||&#8221; collapsed=&#8221;on&#8221; global_colors_info=&#8221;{}&#8221;][et_pb_row _builder_version=&#8221;4.20.4&#8243; _module_preset=&#8221;default&#8221; global_colors_info=&#8221;{}&#8221;][et_pb_column type=&#8221;4_4&#8243; _builder_version=&#8221;4.20.4&#8243; _module_preset=&#8221;default&#8221; global_colors_info=&#8221;{}&#8221;][et_pb_text _builder_version=&#8221;4.20.4&#8243; text_font=&#8221;||||||||&#8221; header_font=&#8221;||||||||&#8221; header_text_align=&#8221;left&#8221; header_text_color=&#8221;#2b2b2b&#8221; header_line_height=&#8221;1.3em&#8221; header_2_font=&#8221;Playfair Display|700|||||||&#8221; header_2_text_align=&#8221;left&#8221; header_2_text_color=&#8221;#2b2b2b&#8221; header_2_font_size=&#8221;42px&#8221; header_2_line_height=&#8221;1.5em&#8221; text_orientation=&#8221;center&#8221; module_alignment=&#8221;center&#8221; custom_margin=&#8221;||10px|&#8221; locked=&#8221;off&#8221; global_colors_info=&#8221;{}&#8221;]<h2>Quels documents ?<\/h2>[\/et_pb_text][et_pb_text _builder_version=&#8221;4.20.4&#8243; _module_preset=&#8221;default&#8221; global_colors_info=&#8221;{}&#8221;]<p>Ici sont pr\u00e9sent\u00e9s des documents &#8220;trouv\u00e9s&#8221; lors des recherches g\u00e9n\u00e9alogiques, qui ne suffisent pas \u00e0 justifier la cr\u00e9ation d&#8217;une page sp\u00e9cifique, mais qui peuvent int\u00e9resser le lecteur. Ils sont pr\u00e9sent\u00e9s dans une ordre Chronologique. Sauf exception, les individus concern\u00e9s sont identifi\u00e9s dans les arbres g\u00e9n\u00e9alogiques.<\/p>[\/et_pb_text][\/et_pb_column][\/et_pb_row][et_pb_row column_structure=&#8221;2_5,3_5&#8243; _builder_version=&#8221;4.20.4&#8243; global_colors_info=&#8221;{}&#8221;][et_pb_column type=&#8221;2_5&#8243; _builder_version=&#8221;4.16&#8243; background_color_gradient_direction=&#8221;35deg&#8221; background_color_gradient_start=&#8221;#ff6a88&#8243; background_color_gradient_end=&#8221;#ff99ac&#8221; custom_padding=&#8221;|60px||&#8221; global_colors_info=&#8221;{}&#8221; custom_padding__hover=&#8221;|||&#8221;][et_pb_text _builder_version=&#8221;4.20.4&#8243; text_font=&#8221;||||||||&#8221; header_font=&#8221;||||||||&#8221; header_text_align=&#8221;left&#8221; header_text_color=&#8221;#2b2b2b&#8221; header_line_height=&#8221;1.3em&#8221; header_2_font=&#8221;Playfair Display|700|||||||&#8221; header_2_text_align=&#8221;left&#8221; header_2_text_color=&#8221;#2b2b2b&#8221; header_2_font_size=&#8221;42px&#8221; header_2_line_height=&#8221;1.5em&#8221; text_orientation=&#8221;center&#8221; module_alignment=&#8221;center&#8221; custom_margin=&#8221;||13px||false|false&#8221; custom_padding=&#8221;||0px||false|false&#8221; global_colors_info=&#8221;{}&#8221;]<h3 style=\"text-align: left;\"><strong>Naissance d&#8217;Ermilia Stroh en 1647<\/strong><\/h3>[\/et_pb_text][et_pb_text _builder_version=&#8221;4.20.4&#8243; text_font=&#8221;Verdana||||||||&#8221; text_font_size=&#8221;16px&#8221; width=&#8221;89.7%&#8221; max_width=&#8221;100%&#8221; custom_padding=&#8221;0px|0px|0px||false|false&#8221; global_colors_info=&#8221;{}&#8221;]<p>D\u00e9cryptage pour sp\u00e9cialiste !<\/p>\n<p>Elle \u00e9pousera son neveu Johann (Hans) Theobald Stroh (1646-1736).<\/p>[\/et_pb_text][\/et_pb_column][et_pb_column type=&#8221;3_5&#8243; _builder_version=&#8221;4.20.4&#8243; custom_padding=&#8221;|||&#8221; global_colors_info=&#8221;{}&#8221; custom_padding__hover=&#8221;|||&#8221;][et_pb_image src=&#8221;http:\/\/stroteam.com\/wp-content\/uploads\/2023\/05\/Naissance-Ermilia-1647-v2.jpg&#8221; title_text=&#8221;Naissance Ermilia 1647 v2&#8243; show_in_lightbox=&#8221;on&#8221; align=&#8221;right&#8221; _builder_version=&#8221;4.20.4&#8243; _module_preset=&#8221;default&#8221; custom_margin=&#8221;|||-109px|false|false&#8221; global_colors_info=&#8221;{}&#8221;][\/et_pb_image][\/et_pb_column][\/et_pb_row][et_pb_row column_structure=&#8221;2_3,1_3&#8243; _builder_version=&#8221;4.20.4&#8243; _module_preset=&#8221;default&#8221; global_colors_info=&#8221;{}&#8221;][et_pb_column type=&#8221;2_3&#8243; _builder_version=&#8221;4.20.4&#8243; _module_preset=&#8221;default&#8221; global_colors_info=&#8221;{}&#8221;][et_pb_image src=&#8221;http:\/\/stroteam.com\/wp-content\/uploads\/2023\/05\/Mariage-JG-at-Matrzoff-v2.jpg&#8221; _builder_version=&#8221;4.20.4&#8243; _module_preset=&#8221;default&#8221; global_colors_info=&#8221;{}&#8221;][\/et_pb_image][\/et_pb_column][et_pb_column type=&#8221;1_3&#8243; _builder_version=&#8221;4.20.4&#8243; _module_preset=&#8221;default&#8221; global_colors_info=&#8221;{}&#8221;][et_pb_text _builder_version=&#8221;4.20.4&#8243; _module_preset=&#8221;default&#8221; global_colors_info=&#8221;{}&#8221;]<h3 style=\"text-align: left;\"><strong>Mariage en 1708 de de Johann Georg Stroh avec Christina Martzloff (1688-\u2020)<\/strong><\/h3>[\/et_pb_text][et_pb_text _builder_version=&#8221;4.20.4&#8243; _module_preset=&#8221;default&#8221; global_colors_info=&#8221;{}&#8221;]<p>A noter l&#8217;\u00e9criture de l&#8217;\u00e9poque &#8230; Johann Georg 1686-1718:\u00a0 Il s&#8217;agit du grand-p\u00e8re de Jean le commissaire de la r\u00e9publique.<\/p>[\/et_pb_text][\/et_pb_column][\/et_pb_row][et_pb_row column_structure=&#8221;1_3,2_3&#8243; _builder_version=&#8221;4.20.4&#8243; _module_preset=&#8221;default&#8221; global_colors_info=&#8221;{}&#8221;][et_pb_column type=&#8221;1_3&#8243; _builder_version=&#8221;4.20.4&#8243; _module_preset=&#8221;default&#8221; global_colors_info=&#8221;{}&#8221;][et_pb_text _builder_version=&#8221;4.20.4&#8243; _module_preset=&#8221;default&#8221; text_font_size=&#8221;22px&#8221; global_colors_info=&#8221;{}&#8221;]<h3><strong>Naissance de Georges Friedrich STROH en 1712.<\/strong><\/h3>[\/et_pb_text][et_pb_text _builder_version=&#8221;4.20.4&#8243; _module_preset=&#8221;default&#8221; text_font_size=&#8221;16px&#8221; global_colors_info=&#8221;{}&#8221;]<p>G.F. est de la fratrie de l&#8217;internationalisation , il va aux Etats-Unis avec sa famille. Son histoire est int\u00e9ressante.<\/p>[\/et_pb_text][\/et_pb_column][et_pb_column type=&#8221;2_3&#8243; _builder_version=&#8221;4.20.4&#8243; _module_preset=&#8221;default&#8221; global_colors_info=&#8221;{}&#8221;][et_pb_image src=&#8221;http:\/\/stroteam.com\/wp-content\/uploads\/2025\/04\/GeorgFriedrichNAISS.jpg&#8221; title_text=&#8221;GeorgFriedrichNAISS&#8221; show_in_lightbox=&#8221;on&#8221; _builder_version=&#8221;4.20.4&#8243; _module_preset=&#8221;default&#8221; global_colors_info=&#8221;{}&#8221;][\/et_pb_image][\/et_pb_column][\/et_pb_row][et_pb_row column_structure=&#8221;3_5,2_5&#8243; _builder_version=&#8221;4.20.4&#8243; width=&#8221;85%&#8221; global_colors_info=&#8221;{}&#8221;][et_pb_column type=&#8221;3_5&#8243; _builder_version=&#8221;4.16&#8243; background_color_gradient_direction=&#8221;35deg&#8221; background_color_gradient_start=&#8221;#ff6a88&#8243; background_color_gradient_end=&#8221;#ff99ac&#8221; custom_padding=&#8221;|60px||&#8221; global_colors_info=&#8221;{}&#8221; custom_padding__hover=&#8221;|||&#8221;][et_pb_text _builder_version=&#8221;4.20.4&#8243; text_font=&#8221;||||||||&#8221; header_font=&#8221;||||||||&#8221; header_text_align=&#8221;left&#8221; header_text_color=&#8221;#2b2b2b&#8221; header_line_height=&#8221;1.3em&#8221; header_2_font=&#8221;Playfair Display|700|||||||&#8221; header_2_text_align=&#8221;left&#8221; header_2_text_color=&#8221;#2b2b2b&#8221; header_2_font_size=&#8221;42px&#8221; header_2_line_height=&#8221;1.5em&#8221; text_orientation=&#8221;center&#8221; module_alignment=&#8221;center&#8221; custom_margin=&#8221;||15px||false|false&#8221; custom_padding=&#8221;0px||0px||false|false&#8221; global_colors_info=&#8221;{}&#8221;]<h3 style=\"text-align: left;\"><strong>D\u00e9c\u00e8s de Johann Theobald\u00a0<\/strong><\/h3>\n<h3 style=\"text-align: left;\"><strong>Stroh en 1736<br \/><\/strong><\/h3>[\/et_pb_text][et_pb_text _builder_version=&#8221;4.20.4&#8243; text_font=&#8221;Verdana||||||||&#8221; text_font_size=&#8221;16px&#8221; width=&#8221;66%&#8221; max_width=&#8221;100%&#8221; custom_padding=&#8221;0px|0px|0px||false|false&#8221; global_colors_info=&#8221;{}&#8221;]<p>L&#8217;\u00e9poux (1646-1736) d&#8217;Ermilia Stroh et l&#8217;Arri\u00e8re Grand-P\u00e8re de Jean le Commissaire. Celui qui a eu 17 enfants, 80 arri\u00e8re-petits enfants et arri\u00e8re-arri\u00e8re-petit-enfant de son vivant !.<\/p>[\/et_pb_text][\/et_pb_column][et_pb_column type=&#8221;2_5&#8243; _builder_version=&#8221;4.20.4&#8243; custom_padding=&#8221;|||&#8221; global_colors_info=&#8221;{}&#8221; custom_padding__hover=&#8221;|||&#8221;][et_pb_image src=&#8221;http:\/\/stroteam.com\/wp-content\/uploads\/2023\/05\/Deces-JT-1736.jpg&#8221; title_text=&#8221;Deces JT 1736&#8243; show_in_lightbox=&#8221;on&#8221; align=&#8221;center&#8221; _builder_version=&#8221;4.20.4&#8243; _module_preset=&#8221;default&#8221; min_height=&#8221;343.4px&#8221; custom_margin=&#8221;|||-246px|false|false&#8221; global_colors_info=&#8221;{}&#8221;][\/et_pb_image][\/et_pb_column][\/et_pb_row][et_pb_row column_structure=&#8221;3_5,2_5&#8243; _builder_version=&#8221;4.20.4&#8243; global_colors_info=&#8221;{}&#8221;][et_pb_column type=&#8221;3_5&#8243; _builder_version=&#8221;4.16&#8243; background_color_gradient_direction=&#8221;35deg&#8221; background_color_gradient_start=&#8221;#ff6a88&#8243; background_color_gradient_end=&#8221;#ff99ac&#8221; custom_padding=&#8221;|60px||&#8221; global_colors_info=&#8221;{}&#8221; custom_padding__hover=&#8221;|||&#8221;][et_pb_text _builder_version=&#8221;4.20.4&#8243; text_font=&#8221;||||||||&#8221; header_font=&#8221;||||||||&#8221; header_text_align=&#8221;left&#8221; header_text_color=&#8221;#2b2b2b&#8221; header_line_height=&#8221;1.3em&#8221; header_2_font=&#8221;Playfair Display|700|||||||&#8221; header_2_text_align=&#8221;left&#8221; header_2_text_color=&#8221;#2b2b2b&#8221; header_2_font_size=&#8221;42px&#8221; header_2_line_height=&#8221;1.5em&#8221; text_orientation=&#8221;center&#8221; module_alignment=&#8221;center&#8221; custom_margin=&#8221;148px||13px||false|false&#8221; custom_padding=&#8221;0px||0px||false|false&#8221; global_colors_info=&#8221;{}&#8221;]<h3 style=\"text-align: left;\"><strong>Naissance de Vincent Baudoin\u00a0<\/strong><\/h3>\n<h3 style=\"text-align: left;\"><strong>en 1867<br \/><\/strong><\/h3>[\/et_pb_text][et_pb_text _builder_version=&#8221;4.20.4&#8243; text_font=&#8221;Verdana||||||||&#8221; text_font_size=&#8221;16px&#8221; width=&#8221;66%&#8221; max_width=&#8221;100%&#8221; custom_padding=&#8221;0px|0px|0px||false|false&#8221; global_colors_info=&#8221;{}&#8221;]<p>Le p\u00e8re de &#8220;Maryse&#8221; Baudoin, \u00e9pouse de Jean-Louis Stroh<\/p>[\/et_pb_text][\/et_pb_column][et_pb_column type=&#8221;2_5&#8243; _builder_version=&#8221;4.20.4&#8243; custom_padding=&#8221;|||&#8221; global_colors_info=&#8221;{}&#8221; custom_padding__hover=&#8221;|||&#8221;][et_pb_image src=&#8221;http:\/\/stroteam.com\/wp-content\/uploads\/2023\/05\/Naiss-Vincent-Baudoin-L.jpg&#8221; title_text=&#8221;Naiss Vincent Baudoin-L&#8221; show_in_lightbox=&#8221;on&#8221; _builder_version=&#8221;4.20.4&#8243; _module_preset=&#8221;default&#8221; width=&#8221;89%&#8221; custom_margin=&#8221;||-1px|-200px|false|false&#8221; global_colors_info=&#8221;{}&#8221;][\/et_pb_image][\/et_pb_column][\/et_pb_row][et_pb_row column_structure=&#8221;1_3,2_3&#8243; _builder_version=&#8221;4.20.4&#8243; width=&#8221;76%&#8221; max_width=&#8221;1133px&#8221; custom_padding=&#8221;||1px|||&#8221; global_colors_info=&#8221;{}&#8221;][et_pb_column type=&#8221;1_3&#8243; _builder_version=&#8221;4.20.4&#8243; custom_padding=&#8221;|5%||5%&#8221; locked=&#8221;off&#8221; global_colors_info=&#8221;{}&#8221; custom_padding__hover=&#8221;|||&#8221;][et_pb_image src=&#8221;http:\/\/stroteam.com\/wp-content\/uploads\/2023\/05\/LDannenbergerMariage2.jpg&#8221; title_text=&#8221;LDannenbergerMariage2&#8243; show_in_lightbox=&#8221;on&#8221; _builder_version=&#8221;4.20.4&#8243; _module_preset=&#8221;default&#8221; width=&#8221;200%&#8221; max_width=&#8221;200%&#8221; min_height=&#8221;515.7px&#8221; custom_margin=&#8221;|||-95px|false|false&#8221; global_colors_info=&#8221;{}&#8221;][\/et_pb_image][\/et_pb_column][et_pb_column type=&#8221;2_3&#8243; _builder_version=&#8221;4.16&#8243; custom_padding=&#8221;40px|40px|40px|40px&#8221; global_colors_info=&#8221;{}&#8221; custom_padding__hover=&#8221;|||&#8221;][et_pb_text _builder_version=&#8221;4.20.4&#8243; text_font=&#8221;||||||||&#8221; header_font=&#8221;||||||||&#8221; header_text_align=&#8221;left&#8221; header_text_color=&#8221;#2b2b2b&#8221; header_line_height=&#8221;1.3em&#8221; header_2_font=&#8221;Playfair Display|700|||||||&#8221; header_2_text_align=&#8221;left&#8221; header_2_text_color=&#8221;#2b2b2b&#8221; header_2_font_size=&#8221;42px&#8221; header_2_line_height=&#8221;1.5em&#8221; text_orientation=&#8221;center&#8221; module_alignment=&#8221;center&#8221; custom_margin=&#8221;173px||13px|26px|false|false&#8221; global_colors_info=&#8221;{}&#8221;]<h3 style=\"text-align: left;\"><strong>Mariage de Jean George III Stroh et Louise Dannenberger en 1852<br \/><\/strong><\/h3>[\/et_pb_text][et_pb_text _builder_version=&#8221;4.20.4&#8243; text_font=&#8221;Verdana||||||||&#8221; text_font_size=&#8221;16px&#8221; custom_padding=&#8221;0px|0px|0px||false|false&#8221; global_colors_info=&#8221;{}&#8221;]<p>A Ottwiller bien sur. Deux fr\u00e8res de Georges III, Fr\u00e9deric (Fritz) et Henri sont ses t\u00e9moins. Fr\u00e9deric Daniel Rausch le mari de la soeur ain\u00e9e de Louise est le t\u00e9moin de Louise, sa belle-soeur.<\/p>[\/et_pb_text][\/et_pb_column][\/et_pb_row][et_pb_row column_structure=&#8221;1_3,2_3&#8243; _builder_version=&#8221;4.20.4&#8243; width=&#8221;76%&#8221; max_width=&#8221;1133px&#8221; custom_padding=&#8221;||1px|||&#8221; global_colors_info=&#8221;{}&#8221;][et_pb_column type=&#8221;1_3&#8243; _builder_version=&#8221;4.20.4&#8243; custom_padding=&#8221;|5%||5%&#8221; locked=&#8221;off&#8221; global_colors_info=&#8221;{}&#8221; custom_padding__hover=&#8221;|||&#8221;][et_pb_image src=&#8221;http:\/\/stroteam.com\/wp-content\/uploads\/2023\/06\/MARDD-2.jpg&#8221; title_text=&#8221;MARD&#038;D-2&#8243; show_in_lightbox=&#8221;on&#8221; _builder_version=&#8221;4.20.4&#8243; _module_preset=&#8221;default&#8221; width=&#8221;171.7%&#8221; max_width=&#8221;200%&#8221; min_height=&#8221;321px&#8221; custom_margin=&#8221;61px||1px|-95px|false|false&#8221; custom_padding=&#8221;||0px|||&#8221; global_colors_info=&#8221;{}&#8221;][\/et_pb_image][\/et_pb_column][et_pb_column type=&#8221;2_3&#8243; _builder_version=&#8221;4.16&#8243; custom_padding=&#8221;40px|40px|40px|40px&#8221; global_colors_info=&#8221;{}&#8221; custom_padding__hover=&#8221;|||&#8221;][et_pb_text _builder_version=&#8221;4.20.4&#8243; text_font=&#8221;||||||||&#8221; header_font=&#8221;||||||||&#8221; header_text_align=&#8221;left&#8221; header_text_color=&#8221;#2b2b2b&#8221; header_line_height=&#8221;1.3em&#8221; header_2_font=&#8221;Playfair Display|700|||||||&#8221; header_2_text_align=&#8221;left&#8221; header_2_text_color=&#8221;#2b2b2b&#8221; header_2_font_size=&#8221;42px&#8221; header_2_line_height=&#8221;1.5em&#8221; text_orientation=&#8221;center&#8221; module_alignment=&#8221;center&#8221; custom_margin=&#8221;-53px||13px|26px|false|false&#8221; custom_padding=&#8221;26px||0px|||&#8221; global_colors_info=&#8221;{}&#8221;]<h3 style=\"text-align: left;\"><strong>Mariage de Denise et David, 1962<br \/><\/strong><\/h3>[\/et_pb_text][et_pb_text _builder_version=&#8221;4.20.4&#8243; text_font=&#8221;Verdana||||||||&#8221; text_font_size=&#8221;16px&#8221; custom_padding=&#8221;0px|0px|0px||false|false&#8221; global_colors_info=&#8221;{}&#8221;]<p>Article dans la R\u00e9publique, le 4 Aout 1962.<\/p>[\/et_pb_text][et_pb_image src=&#8221;http:\/\/stroteam.com\/wp-content\/uploads\/2023\/06\/REP001.jpg&#8221; title_text=&#8221;REP001&#8243; show_in_lightbox=&#8221;on&#8221; _builder_version=&#8221;4.20.4&#8243; _module_preset=&#8221;default&#8221; min_height=&#8221;366.1px&#8221; custom_margin=&#8221;||12px|||&#8221; custom_padding=&#8221;|155px|11px|||&#8221; global_colors_info=&#8221;{}&#8221;][\/et_pb_image][\/et_pb_column][\/et_pb_row][et_pb_row column_structure=&#8221;1_2,1_2&#8243; _builder_version=&#8221;4.20.4&#8243; _module_preset=&#8221;default&#8221; global_colors_info=&#8221;{}&#8221;][et_pb_column type=&#8221;1_2&#8243; _builder_version=&#8221;4.20.4&#8243; _module_preset=&#8221;default&#8221; global_colors_info=&#8221;{}&#8221;][et_pb_image src=&#8221;http:\/\/stroteam.com\/wp-content\/uploads\/2023\/06\/MAR2.jpg&#8221; title_text=&#8221;MAR2&#8243; show_in_lightbox=&#8221;on&#8221; _builder_version=&#8221;4.20.4&#8243; _module_preset=&#8221;default&#8221; width=&#8221;79%&#8221; custom_margin=&#8221;-52px|10px|||false|false&#8221; global_colors_info=&#8221;{}&#8221;][\/et_pb_image][\/et_pb_column][et_pb_column type=&#8221;1_2&#8243; _builder_version=&#8221;4.20.4&#8243; _module_preset=&#8221;default&#8221; global_colors_info=&#8221;{}&#8221;][et_pb_image src=&#8221;http:\/\/stroteam.com\/wp-content\/uploads\/2023\/06\/img025.jpg&#8221; title_text=&#8221;img025&#8243; show_in_lightbox=&#8221;on&#8221; _builder_version=&#8221;4.20.4&#8243; _module_preset=&#8221;default&#8221; width=&#8221;75%&#8221; custom_margin=&#8221;-53px|||-133px|false|false&#8221; global_colors_info=&#8221;{}&#8221;][\/et_pb_image][\/et_pb_column][\/et_pb_row][\/et_pb_section]\n","protected":false},"excerpt":{"rendered":"<p>DocumentsQuels documents ?Ici sont pr\u00e9sent\u00e9s des documents &#8220;trouv\u00e9s&#8221; lors des recherches g\u00e9n\u00e9alogiques, qui ne suffisent pas \u00e0 justifier la cr\u00e9ation d&#8217;une page sp\u00e9cifique, mais qui peuvent int\u00e9resser le lecteur. Ils sont pr\u00e9sent\u00e9s dans une ordre Chronologique. Sauf exception, les individus concern\u00e9s sont identifi\u00e9s dans les arbres g\u00e9n\u00e9alogiques.Naissance d&#8217;Ermilia Stroh en 1647D\u00e9cryptage pour sp\u00e9cialiste ! Elle [&hellip;]<\/p>\n","protected":false},"author":2,"featured_media":0,"parent":0,"menu_order":0,"comment_status":"closed","ping_status":"closed","template":"","meta":{"_et_pb_use_builder":"on","_et_pb_old_content":"","_et_gb_content_width":""},"yoast_head":"<!-- This site is optimized with the Yoast SEO plugin v20.5 - https:\/\/yoast.com\/wordpress\/plugins\/seo\/ -->\n<title>Stroh - Ortlieb - Wehrung - Siblings- Birth certificates - Death certificates<\/title>\n<meta name=\"description\" content=\"Various documents on the Stroh, Straw, Ortlieb, Dannenberger, Wehrung, Baudoin, Borel, Geylard, Wack, Quirin and more.\" \/>\n<meta name=\"robots\" content=\"index, follow, max-snippet:-1, max-image-preview:large, max-video-preview:-1\" \/>\n<link rel=\"canonical\" href=\"https:\/\/stroteam.com\/index.php\/documents\/\" \/>\n<meta property=\"og:locale\" content=\"en_US\" \/>\n<meta property=\"og:type\" content=\"article\" \/>\n<meta property=\"og:title\" content=\"Stroh - Ortlieb - Wehrung - Siblings- Birth certificates - Death certificates\" \/>\n<meta property=\"og:description\" content=\"Various documents on the Stroh, Straw, Ortlieb, Dannenberger, Wehrung, Baudoin, Borel, Geylard, Wack, Quirin and more.\" \/>\n<meta property=\"og:url\" content=\"https:\/\/stroteam.com\/index.php\/documents\/\" \/>\n<meta property=\"og:site_name\" content=\"Family Stroh &amp; Co\" \/>\n<meta property=\"article:modified_time\" content=\"2025-04-19T20:13:01+00:00\" \/>\n<meta name=\"twitter:card\" content=\"summary_large_image\" \/>\n<meta name=\"twitter:label1\" content=\"Est. reading time\" \/>\n\t<meta name=\"twitter:data1\" content=\"4 minutes\" \/>\n<script type=\"application\/ld+json\" class=\"yoast-schema-graph\">{\"@context\":\"https:\/\/schema.org\",\"@graph\":[{\"@type\":\"WebPage\",\"@id\":\"https:\/\/stroteam.com\/index.php\/documents\/\",\"url\":\"https:\/\/stroteam.com\/index.php\/documents\/\",\"name\":\"Stroh - Ortlieb - Wehrung - Siblings- Birth certificates - Death certificates\",\"isPartOf\":{\"@id\":\"https:\/\/stroteam.com\/#website\"},\"datePublished\":\"2023-05-23T08:42:19+00:00\",\"dateModified\":\"2025-04-19T20:13:01+00:00\",\"description\":\"Various documents on the Stroh, Straw, Ortlieb, Dannenberger, Wehrung, Baudoin, Borel, Geylard, Wack, Quirin and more.\",\"breadcrumb\":{\"@id\":\"https:\/\/stroteam.com\/index.php\/documents\/#breadcrumb\"},\"inLanguage\":\"en-US\",\"potentialAction\":[{\"@type\":\"ReadAction\",\"target\":[\"https:\/\/stroteam.com\/index.php\/documents\/\"]}]},{\"@type\":\"BreadcrumbList\",\"@id\":\"https:\/\/stroteam.com\/index.php\/documents\/#breadcrumb\",\"itemListElement\":[{\"@type\":\"ListItem\",\"position\":1,\"name\":\"Accueil\",\"item\":\"https:\/\/stroteam.com\/\"},{\"@type\":\"ListItem\",\"position\":2,\"name\":\"Documents\"}]},{\"@type\":\"WebSite\",\"@id\":\"https:\/\/stroteam.com\/#website\",\"url\":\"https:\/\/stroteam.com\/\",\"name\":\"Family Stroh &amp; Co\",\"description\":\"R\u00e9cits des familles Stroh &amp; Co du Saint Empire Germanique \u00e0 aujourd&#039;hui\",\"potentialAction\":[{\"@type\":\"SearchAction\",\"target\":{\"@type\":\"EntryPoint\",\"urlTemplate\":\"https:\/\/stroteam.com\/?s={search_term_string}\"},\"query-input\":\"required name=search_term_string\"}],\"inLanguage\":\"en-US\"}]}<\/script>\n<!-- \/ Yoast SEO plugin. -->","yoast_head_json":{"title":"Stroh - Ortlieb - Wehrung - Siblings- Birth certificates - Death certificates","description":"Various documents on the Stroh, Straw, Ortlieb, Dannenberger, Wehrung, Baudoin, Borel, Geylard, Wack, Quirin and more.","robots":{"index":"index","follow":"follow","max-snippet":"max-snippet:-1","max-image-preview":"max-image-preview:large","max-video-preview":"max-video-preview:-1"},"canonical":"https:\/\/stroteam.com\/index.php\/documents\/","og_locale":"en_US","og_type":"article","og_title":"Stroh - Ortlieb - Wehrung - Siblings- Birth certificates - Death certificates","og_description":"Various documents on the Stroh, Straw, Ortlieb, Dannenberger, Wehrung, Baudoin, Borel, Geylard, Wack, Quirin and more.","og_url":"https:\/\/stroteam.com\/index.php\/documents\/","og_site_name":"Family Stroh &amp; Co","article_modified_time":"2025-04-19T20:13:01+00:00","twitter_card":"summary_large_image","twitter_misc":{"Est. reading time":"4 minutes"},"schema":{"@context":"https:\/\/schema.org","@graph":[{"@type":"WebPage","@id":"https:\/\/stroteam.com\/index.php\/documents\/","url":"https:\/\/stroteam.com\/index.php\/documents\/","name":"Stroh - Ortlieb - Wehrung - Siblings- Birth certificates - Death certificates","isPartOf":{"@id":"https:\/\/stroteam.com\/#website"},"datePublished":"2023-05-23T08:42:19+00:00","dateModified":"2025-04-19T20:13:01+00:00","description":"Various documents on the Stroh, Straw, Ortlieb, Dannenberger, Wehrung, Baudoin, Borel, Geylard, Wack, Quirin and more.","breadcrumb":{"@id":"https:\/\/stroteam.com\/index.php\/documents\/#breadcrumb"},"inLanguage":"en-US","potentialAction":[{"@type":"ReadAction","target":["https:\/\/stroteam.com\/index.php\/documents\/"]}]},{"@type":"BreadcrumbList","@id":"https:\/\/stroteam.com\/index.php\/documents\/#breadcrumb","itemListElement":[{"@type":"ListItem","position":1,"name":"Accueil","item":"https:\/\/stroteam.com\/"},{"@type":"ListItem","position":2,"name":"Documents"}]},{"@type":"WebSite","@id":"https:\/\/stroteam.com\/#website","url":"https:\/\/stroteam.com\/","name":"Family Stroh &amp; Co","description":"R\u00e9cits des familles Stroh &amp; Co du Saint Empire Germanique \u00e0 aujourd&#039;hui","potentialAction":[{"@type":"SearchAction","target":{"@type":"EntryPoint","urlTemplate":"https:\/\/stroteam.com\/?s={search_term_string}"},"query-input":"required name=search_term_string"}],"inLanguage":"en-US"}]}},"_links":{"self":[{"href":"https:\/\/stroteam.com\/index.php\/wp-json\/wp\/v2\/pages\/2786"}],"collection":[{"href":"https:\/\/stroteam.com\/index.php\/wp-json\/wp\/v2\/pages"}],"about":[{"href":"https:\/\/stroteam.com\/index.php\/wp-json\/wp\/v2\/types\/page"}],"author":[{"embeddable":true,"href":"https:\/\/stroteam.com\/index.php\/wp-json\/wp\/v2\/users\/2"}],"replies":[{"embeddable":true,"href":"https:\/\/stroteam.com\/index.php\/wp-json\/wp\/v2\/comments?post=2786"}],"version-history":[{"count":41,"href":"https:\/\/stroteam.com\/index.php\/wp-json\/wp\/v2\/pages\/2786\/revisions"}],"predecessor-version":[{"id":4717,"href":"https:\/\/stroteam.com\/index.php\/wp-json\/wp\/v2\/pages\/2786\/revisions\/4717"}],"wp:attachment":[{"href":"https:\/\/stroteam.com\/index.php\/wp-json\/wp\/v2\/media?parent=2786"}],"curies":[{"name":"wp","href":"https:\/\/api.w.org\/{rel}","templated":true}]}}