{"id":3713,"date":"2023-10-02T00:22:08","date_gmt":"2023-10-01T22:22:08","guid":{"rendered":"https:\/\/stroteam.com\/?page_id=3713"},"modified":"2023-10-02T21:52:05","modified_gmt":"2023-10-02T19:52:05","slug":"david-fowler","status":"publish","type":"page","link":"https:\/\/stroteam.com\/index.php\/david-fowler\/","title":{"rendered":"David Fowler"},"content":{"rendered":"\n<h1>David Fowler (1937 &#8211; 2004)<\/h1>\n\n\n\n<p>Cette page compl\u00e8tera , \u00e0 partir des documents familiaux, les sites qui dressent la carri\u00e8re de David.<\/p>\n\n\n\n<h2 class=\"has-large-font-size\">Les liens de r\u00e9f\u00e9rence <\/h2>\n\n\n\n<p><a href=\"https:\/\/fr.wikipedia.org\/wiki\/David_Fowler\">Wikipedia<\/a><br>A noter que c&#8217;est en Fran\u00e7ais que la page Wikipedia de David est la plus compl\u00e8te<\/p>\n\n\n\n<p><a href=\"https:\/\/mathshistory.st-andrews.ac.uk\/Biographies\/Fowler_David\/\">Biographie MacTutor<\/a><\/p>\n\n\n\n<p><a href=\"https:\/\/www.theguardian.com\/news\/2004\/may\/03\/guardianobituaries.research\">Article du Guardian<\/a> sur David<\/p>\n\n\n\n<h2 class=\"has-large-font-size\">Photo en famille <\/h2>\n\n\n\n<div class=\"is-layout-flex wp-container-3 wp-block-columns\">\n<div class=\"is-layout-flow wp-block-column\">\n<figure class=\"wp-block-image size-large\"><a href=\"https:\/\/stroteam.com\/index.php\/david-fowler\/phdd-1\/\"><img decoding=\"async\" loading=\"lazy\" width=\"1240\" height=\"836\" src=\"https:\/\/stroteam.com\/wp-content\/uploads\/2023\/10\/PHDD-1-1240x836.jpg\" alt=\"\" class=\"wp-image-3755\" srcset=\"https:\/\/stroteam.com\/wp-content\/uploads\/2023\/10\/PHDD-1-980x660.jpg 980w, https:\/\/stroteam.com\/wp-content\/uploads\/2023\/10\/PHDD-1-480x323.jpg 480w\" sizes=\"(min-width: 0px) and (max-width: 480px) 480px, (min-width: 481px) and (max-width: 980px) 980px, (min-width: 981px) 1240px, 100vw\" \/><\/a><\/figure>\n\n\n\n<figure class=\"wp-block-image aligncenter size-large is-resized\"><a href=\"https:\/\/stroteam.com\/index.php\/david-fowler\/img100\/\"><img decoding=\"async\" loading=\"lazy\" src=\"https:\/\/stroteam.com\/wp-content\/uploads\/2023\/10\/img100-756x1240.jpg\" alt=\"\" class=\"wp-image-3798\" width=\"307\" height=\"503\"\/><\/a><\/figure>\n<\/div>\n\n\n\n<div class=\"is-layout-flow wp-block-column\">\n<div style=\"height:100px\" aria-hidden=\"true\" class=\"wp-block-spacer\"><\/div>\n\n\n\n<p style=\"font-size:14px\"><strong>Sur la Terrasse \u00e0 Ollioules<\/strong><\/p>\n\n\n\n<figure class=\"wp-block-image size-large\"><a href=\"https:\/\/stroteam.com\/index.php\/david-fowler\/phdd-2\/\"><img decoding=\"async\" loading=\"lazy\" width=\"1240\" height=\"832\" src=\"https:\/\/stroteam.com\/wp-content\/uploads\/2023\/10\/PHDD-2-1240x832.jpg\" alt=\"\" class=\"wp-image-3758\" srcset=\"https:\/\/stroteam.com\/wp-content\/uploads\/2023\/10\/PHDD-2-980x658.jpg 980w, https:\/\/stroteam.com\/wp-content\/uploads\/2023\/10\/PHDD-2-480x322.jpg 480w\" sizes=\"(min-width: 0px) and (max-width: 480px) 480px, (min-width: 481px) and (max-width: 980px) 980px, (min-width: 981px) 1240px, 100vw\" \/><\/a><\/figure>\n<\/div>\n<\/div>\n\n\n\n<h2 class=\"has-large-font-size\">R\u00e9serv\u00e9 <\/h2>\n\n\n\n<p>Documents \u00e0 &#8220;charger&#8221;<\/p>\n\n\n\n<figure class=\"wp-block-image aligncenter size-full is-resized\"><img decoding=\"async\" loading=\"lazy\" src=\"http:\/\/stroteam.com\/wp-content\/uploads\/2023\/04\/tool-g56ed55be9_640.png\" alt=\"\" class=\"wp-image-1715\" width=\"361\" height=\"336\"\/><\/figure>\n","protected":false},"excerpt":{"rendered":"<p>David Fowler (1937 &#8211; 2004) Cette page compl\u00e8tera , \u00e0 partir des documents familiaux, les sites qui dressent la carri\u00e8re de David. Les liens de r\u00e9f\u00e9rence WikipediaA noter que c&#8217;est en Fran\u00e7ais que la page Wikipedia de David est la plus compl\u00e8te Biographie MacTutor Article du Guardian sur David Photo en famille Sur la Terrasse [&hellip;]<\/p>\n","protected":false},"author":2,"featured_media":2245,"parent":0,"menu_order":0,"comment_status":"closed","ping_status":"closed","template":"","meta":{"_et_pb_use_builder":"off","_et_pb_old_content":"<!-- wp:heading {\"level\":1} -->\n<h1>Henri Stroh (1887 - 1945)<\/h1>\n<!-- \/wp:heading -->\n\n<!-- wp:paragraph -->\n<p><strong>Mort pour la France en d\u00e9portation.<\/strong><\/p>\n<!-- \/wp:paragraph -->\n\n<!-- wp:paragraph -->\n<p><strong>Arr\u00eat\u00e9 par la Gestapo le 21 mars 1944 dans son bureau au Creusot<br>D\u00e9port\u00e9 en Allemagne le 7 Juin 1944 par le dernier convoi de d\u00e9port\u00e9s parti de Compi\u00e8gne<\/strong><\/p>\n<!-- \/wp:paragraph -->\n\n<!-- wp:paragraph -->\n<p><em>On ne cherche pas \u00e0 recopier ici les informations des sites tr\u00e8s bien document\u00e9 sur Henri Stroh mais plut\u00f4t de donner les liens vers ces sites et \u00e9ventuellement publier des informations de famille compl\u00e9mentaires (photos,...) dans l'esprit du reste du site . A noter que Henri est \u00e9videment souvent mentionn\u00e9 d'un point de vue familial dans les pages consacr\u00e9es \u00e0 sa s\u0153ur <strong>Madeleine<\/strong>, son fr\u00e8re <strong>Jean-Louis<\/strong> et dans la page <strong>R\u00e9cits.<\/strong><\/em><\/p>\n<!-- \/wp:paragraph -->\n\n<!-- wp:image {\"align\":\"center\",\"id\":2507,\"width\":322,\"height\":447,\"sizeSlug\":\"full\",\"linkDestination\":\"attachment\"} -->\n<figure class=\"wp-block-image aligncenter size-full is-resized\"><a href=\"https:\/\/stroteam.com\/index.php\/henri-stroh\/henri\/\"><img src=\"https:\/\/stroteam.com\/wp-content\/uploads\/2023\/05\/Henri.png\" alt=\"\" class=\"wp-image-2507\" width=\"322\" height=\"447\"\/><\/a><\/figure>\n<!-- \/wp:image -->\n\n<!-- wp:heading {\"fontSize\":\"large\"} -->\n<h2 class=\"has-large-font-size\">Liens Henri Stroh<\/h2>\n<!-- \/wp:heading -->\n\n<!-- wp:table -->\n<figure class=\"wp-block-table\"><table><tbody><tr><td><strong>Wikip\u00e9dia Henri Stroh<\/strong><\/td><td><a href=\"https:\/\/fr.wikipedia.org\/wiki\/Henri_Charles_Stroh\">https:\/\/fr.wikipedia.org\/wiki\/Henri_Charles_Stroh<\/a><\/td><\/tr><tr><td><strong>ING\u00c9NIEUR, PATRIOTE par Andr\u00e9 <em>PROST<\/em><\/strong><br>pages 4 \u00e0 11 <strong>-&gt; l<em>e plus complet<\/em><\/strong><\/td><td><a href=\"https:\/\/afbourdon.com\/wp-content\/uploads\/2014\/11\/Bulletin_4_2003.pdf\">https:\/\/afbourdon.com\/wp-content\/uploads\/2014\/11\/Bulletin_4_2003.pdf<\/a><\/td><\/tr><tr><td><strong>Parcours de vie dans la Royale<\/strong> (site orient\u00e9 Marine)<\/td><td><a href=\"http:\/\/ecole.nav.traditions.free.fr\/officiers_stroh_henri.htm\">http:\/\/ecole.nav.traditions.free.fr\/officiers_stroh_henri.htm<\/a><\/td><\/tr><tr><td>Gigantesque site sur l'<strong>entreprise Schneider <\/strong>(seulement pour des sp\u00e9cialistes)<\/td><td><a href=\"http:\/\/laurentdingli.com\/2020\/11\/25\/schneider-de-lexode-a-la-collaboration-ete-1940\/\">http:\/\/laurentdingli.com\/2020\/11\/25\/schneider-de-lexode-a-la-collaboration-ete-1940\/<\/a><\/td><\/tr><\/tbody><\/table><figcaption class=\"wp-element-caption\">Les liens vers les sites traitant d'Henri Stroh<\/figcaption><\/figure>\n<!-- \/wp:table -->\n\n<!-- wp:heading {\"fontSize\":\"large\"} -->\n<h2 class=\"has-large-font-size\">Henri Stroh: comm\u00e9moration en 2022<\/h2>\n<!-- \/wp:heading -->\n\n<!-- wp:heading {\"level\":3} -->\n<h3>Discours prononc\u00e9 par Jean Michel STROH lors de l'inscription au monument aux morts de Lamonzie St Martin<\/h3>\n<!-- \/wp:heading -->\n\n<!-- wp:paragraph -->\n<p>Le 8 mai 2020 repouss\u00e9 au 8 mai 2022 \u00e0 cause du COVID<\/p>\n<!-- \/wp:paragraph -->\n\n<!-- wp:paragraph -->\n<p><br>Monsieur le maire, Mesdames, Messieurs :<br>Il y a 75 ans se terminait le conflit de deuxi\u00e8me guerre mondiale.<br>Les t\u00e9moins de ce conflit se font plus rares pour transmettre la m\u00e9moire de cette p\u00e9riode.<br>Ce conflit a fait de tr\u00e8s nombreux morts directs ou indirects.<br>Pour ma part je m\u2019int\u00e9resse aux personnes qui ont subi la d\u00e9portation ; la d\u00e9portation de mon grand p\u00e8re<br>a marqu\u00e9 toute ma famille ; elle m\u2019interroge sur le devoir de m\u00e9moire.<br>Ces personnes ont \u00e9t\u00e9 d\u00e9port\u00e9es pour diff\u00e9rentes raisons :<\/p>\n<!-- \/wp:paragraph -->\n\n<!-- wp:list -->\n<ul><!-- wp:list-item -->\n<li>Pour leur religion (juive en particulier)<\/li>\n<!-- \/wp:list-item -->\n\n<!-- wp:list-item -->\n<li>Pour leur origine ethnique (rom, tzigane,...)<\/li>\n<!-- \/wp:list-item -->\n\n<!-- wp:list-item -->\n<li>Pour leur orientation sexuelle (homosexuel,...)<\/li>\n<!-- \/wp:list-item -->\n\n<!-- wp:list-item -->\n<li>Pour leur art soit disant d\u00e9g\u00e9n\u00e9r\u00e9 (peintres, \u00e9crivains,...)<\/li>\n<!-- \/wp:list-item -->\n\n<!-- wp:list-item -->\n<li>Pour des actes de r\u00e9sistance ou de r\u00e9bellion<\/li>\n<!-- \/wp:list-item -->\n\n<!-- wp:list-item -->\n<li>Pour leur handicap, physique ou mental, ceux-ci ont \u00e9t\u00e9 imm\u00e9diatement extermin\u00e9s ou on servi<\/li>\n<!-- \/wp:list-item -->\n\n<!-- wp:list-item -->\n<li>de cobayes pour la m\u00e9decine notamment.<\/li>\n<!-- \/wp:list-item -->\n\n<!-- wp:list-item -->\n<li>Pour toutes les raisons que le nazisme ne voulait plus voir<\/li>\n<!-- \/wp:list-item --><\/ul>\n<!-- \/wp:list -->\n\n<!-- wp:paragraph -->\n<p>Il faut savoir que la plupart de ces personnes d\u00e9port\u00e9es \u00e0 cette p\u00e9riode ont \u00e9t\u00e9 d\u00e9nonc\u00e9es par des hommes, des informateurs, collabos des nazis, des vichystes bien <em>Fran\u00e7ais<\/em>.<\/p>\n<!-- \/wp:paragraph -->\n\n<!-- wp:paragraph -->\n<p>Aujourd\u2019hui encore partout dans le monde des personnes, victimes de guerres, subissent ces d\u00e9portations ou sont pourchass\u00e9es et voient les fronti\u00e8res se fermer devant leur fuite. Souvenez-vous qu\u2019en France en 1939 l\u2019administration de l\u2019Alsace et Strasbourg a \u00e9t\u00e9 install\u00e9e \u00e0 P\u00e9rigueux. Ma famille alsacienne ayant des attaches \u00e0 Lamonzie saint Martin s\u2019y est r\u00e9fugi\u00e9e ; pour m\u00e9moire, certains oncles ont \u00e9t\u00e9 scolaris\u00e9s \u00e0 l\u2019\u00e9cole du Monteil et gardent un souvenir tr\u00e8s fort de l\u2019institutrice Mme Fougeyrolas.<\/p>\n<!-- \/wp:paragraph -->\n\n<!-- wp:paragraph -->\n<p>Si aujourd\u2019hui nous sommes l\u00e0 pour nous souvenir de ce qui s\u2019est pass\u00e9 il y a 75 ans n\u2019oublions pas et faisons en sorte d\u2019apaiser les souffrances actuelles. <\/p>\n<!-- \/wp:paragraph -->\n\n<!-- wp:paragraph -->\n<p><strong>N\u2019oublions pas que partout en France sur le fronton des mairies est \u00e9crit : LIBERTE EGALITE FRATERNITE<\/strong><\/p>\n<!-- \/wp:paragraph -->\n\n<!-- wp:paragraph -->\n<p><br>Je tiens \u00e0 remercier le maire et son conseil municipal qui par leur d\u00e9lib\u00e9ration de janvier 2020 ont permis de rajouter sur ce monument aux morts la mention \u00ab mort en d\u00e9portation \u00bb \u00e0 mon grand p\u00e8re.<\/p>\n<!-- \/wp:paragraph -->\n\n<!-- wp:paragraph -->\n<p><br>Pour compl\u00e9ter ce moment, je remets au maire une biographie de mon grand p\u00e8re, d\u00e9nonc\u00e9 anonymement, arr\u00eat\u00e9 par la gestapo et d\u00e9port\u00e9 en camps de concentration. Ce document sera \u00e0 la disposition de tous \u00e0 la mairie en particulier pour les enseignants pour la transmission du devoir de m\u00e9moire. Ce document a \u00e9t\u00e9 \u00e9crit par Mr Andr\u00e9 Prost, du Creusot , qui a fait beaucoup de recherches sur Henri Stroh pour faire vivre sa m\u00e9moire pour ce qu\u2019il a fait aux usine Schneider du Creusot pendant la guerre.<br><\/p>\n<!-- \/wp:paragraph -->\n\n<!-- wp:paragraph -->\n<p>Rappel de la vie d\u2019Henri Charles Stroh (papa Henri pour des petits enfants)<br>N\u00e9 en 1887 \u00e0 Paris de parents alsaciens ayant quitt\u00e9 l\u2019Alsace \u00e0 cause de la guerre de 1870 ; ils ne voulaient pas que leurs enfants servent dans l\u2019arm\u00e9e allemande. Boursier il fait de brillantes \u00e9tudes sup\u00e9rieures, re\u00e7u, \u00e0 21 ans \u00e0 l\u2019\u00e9cole polytechnique et normal sup; Il a choisi Polytechnique car il pr\u00e9f\u00e9rait l\u2019action \u00e0 l\u2019enseignement. Comme il \u00e9tait dans les premiers (\u00ab la<br>botte \u00bb) il a fait le G\u00e9nie Maritime ; il est donc militaire. En 1911 il \u00e9pouse Marie Anne Gueylard n\u00e9e \u00e0 Lamonzie Saint Martin mais faisant ses \u00e9tudes \u00e0 Paris ; son p\u00e8re avait \u00e9t\u00e9 embauch\u00e9, apr\u00e8s avoir travaill\u00e9 sur la ligne de chemin de fer Bergerac Sarlat, par la compagnie de Five Lilles pour travailler sur des projets de chemins de fer en Espagne, en Argentine, en Chine.<br>Sa maman Emilie d\u00e9c\u00e8de en 1940 dans la maison familiale de la Mouthe et est enterr\u00e9e au cimeti\u00e8re du Monteil. De 1911 \u00e0 1933 il travaille dans des arsenaux de la marine \u00e0 Cherbourg et \u00e0 Toulon pour les torpilles sous marines ; pendant la premi\u00e8re guerre mondiale il est affect\u00e9 \u00e0 la reconstruction de ponts provisoires d\u00e9truits.<br>En 1921 il est d\u00e9cor\u00e9 de la l\u00e9gion d\u2019honneur.<br>En 1923 il quitte le service actif de l\u2019arm\u00e9e et prend la direction de l\u2019usine Schneider du Creusot, tr\u00e8s importante usine sid\u00e9rurgique (fabrication de locomotives de mat\u00e9riels de guerre canons, tourelles de char, turbines hydrauliques (barrage de l\u2019aigle) et \u00e0 vapeur. Par son travail il participe \u00e0 plusieurs salons industriels et se rend compte du sous \u00e9quipement militaire de<br>la France et en 1936 il \u00e9crit au pr\u00e9sident de la r\u00e9publique pour lui en faire part ; ce n\u2019est qu\u2019en 1939 que le gouvernement r\u00e9agit ; au Creusot il d\u00e9cide t\u2019anticiper les atermoiements du gouvernement.<br>En juin 1940 il re\u00e7oit l\u2019ordre de rester \u00e0 son poste ; par pr\u00e9caution il fait enterrer, dans la cour de l\u2019usine, avant l\u2019arriv\u00e9e des allemands des citernes de carburant, des m\u00e9taux sp\u00e9ciaux, des pneus, et d\u2019autres mat\u00e9riaux ; les allemands passeront dessus sans rien remarquer, sauf \u00e0 constater le peu de stock de l\u2019usine. Il fait aussi quitter le Creusot vers la zone libre avec les camions de l\u2019usine tous ceux qui risquent d\u2019\u00eatre fait prisonnier.<br>Le 17 juin 1940 les allemands sont au Creusot ;<br>Il parlait couramment l\u2019allemand et l\u2019italien et avait commenc\u00e9 \u00e0 apprendre le russe au Creusot.<br>Sa connaissance de l\u2019allemand lui fut tr\u00e8s utile dans ses relations conflictuelles avec l\u2019occupant .<br>il n\u00e9gocie avec eux de ne plus faire de commandes militaires ce qui aurait fortement int\u00e9ress\u00e9 les autorit\u00e9s allemandes mais de continuer toutes les autres activit\u00e9s civiles (locomotives turbines \u00e9lectriques,...) pour que le personnel continue \u00e0 avoir un salaire.<br>Son autorit\u00e9 et sa connaissance de l\u2019allemand agacent souvent l\u2019occupant<br>En d\u00e9cembre 1941 il est fait officier de la l\u00e9gion d\u2019honneur<br>Il organise, c\u2019est apparemment le seul en France, des visites d\u2019inspection des travailleurs du STO.<br>Plusieurs en 1943 et 1944 les allemands lui reprochent la lenteur de fabrication des locomotives (3 fois plus qu\u2019en Allemagne) et le d\u00e9raillement quasis syst\u00e9matique de celles-ci en sortant de l\u2019usine ;il avait mis tr\u00e8s discr\u00e8tement en place une petite \u00e9quipe charg\u00e9e de saboter le travail de fabrication et de livraison.<br>Le 21 mars 1944 il est arr\u00eat\u00e9 avec 20 Creusotins sur d\u00e9nonciation des citernes de carburant enterr\u00e9es.<br>Le 7 juin 1944 (le lendemain du d\u00e9barquement en Normandie) il est transf\u00e9r\u00e9 \u00e0 Compi\u00e8gne puis Neuengamme, Sachshausen, Oranienburg et le 4 f\u00e9vrier 1945 \u00e0 Buchenwald<br>Le 11 avril 1945 lib\u00e9ration du camp de Buchenwald par les am\u00e9ricains rejoints par les sovi\u00e9tiques ; il laisse partir les prisonniers plus mal en point que lui malgr\u00e9 une dysenterie.<\/p>\n<!-- \/wp:paragraph -->\n\n<!-- wp:paragraph -->\n<p>Plus aucune nouvelle apr\u00e8s le 22 avril 1945 ; qu\u2019est-il arriv\u00e9 ?<br>Dans les quelques messages qu\u2019il a pu faire parvenir \u00e0 sa femme ou ses fils en parlant de la vie dans les camps il \u00e9crivait \u00ab Lisez l\u2019Enfer, de Dante. \u00bb et dans un autre, \u00e0 ses fils: \u00ab Installez-vous dans le pays de votre m\u00e8re \u00bb . Sa femme Marie Anne est morte le 14 janvier 1949 \u00e0 Paris. Elle avait remu\u00e9 ciel et terre pour retrouver la trace de son mari...elle est enterr\u00e9e dans le cimeti\u00e8re familiale de La Mouthe. En 1948 elle avait \u00e9t\u00e9 appel\u00e9e \u00e0 t\u00e9moigner au proc\u00e8s de Rastatt, l\u2019\u00e9quivalent fran\u00e7ais du proc\u00e8s de Nuremberg, sur les exactions au Creusot des dignitaires allemands mais \u00e9tant trop fatigu\u00e9e elle n\u2019avait pu s\u2019y rendre.<br>Pour ma part apr\u00e8s une visite en mai 2019 du camp de Buchenwald pour essayer de comprendre ce qui \u00e9tait arriv\u00e9 \u00e0 mon grand p\u00e8re, j\u2019ai appris, par le service des archives des camps de concentration, que les recherches sur les d\u00e9port\u00e9s disparus n\u2019\u00e9taient pas closes, les recherches dans les archives russes (Buchenwald a \u00e9t\u00e9 apr\u00e8s guerre en zone sovi\u00e9tiques) sur cette p\u00e9riode sont aujourd\u2019hui interdites ; il pense qu\u2019un jour elles seront accessibles<br>Je vous remercie.<br><strong>Jean Michel STROH<\/strong><\/p>\n<!-- \/wp:paragraph -->\n\n<!-- wp:heading {\"level\":3} -->\n<h3>Suite du Discours par Martine Pailhes Stroh<\/h3>\n<!-- \/wp:heading -->\n\n<!-- wp:paragraph -->\n<p>Merci, Jean-Michel!<br>Monsieur le Maire, je tiens \u00e0 vous remercier pour votre volont\u00e9 d\u2019inscrire sur le monument aux morts de Lamonzie St Martin, le nom de notre grand-p\u00e8re Henri Stroh compl\u00e9t\u00e9 par la mention \u00ab mort en d\u00e9portation \u00bb et de marquer ainsi sa m\u00e9moire au coeur de cette belle terre de Dordogne si ch\u00e8re \u00e0 sa femme et \u00e0 la famille de celle-ci, comme l\u2019a rappel\u00e9 mon cousin Jean Michel.<br><\/p>\n<!-- \/wp:paragraph -->\n\n<!-- wp:paragraph -->\n<p>Je suis l\u2019a\u00een\u00e9e des 11 petits-enfants d\u2019Henri Stroh, n\u00e9e en janvier 1944, mais la seule dont il connut la naissance puisqu\u2019il fut arr\u00eat\u00e9 le 21 mars 1944. Ma soeur Anne-Catherine est n\u00e9e au Creusot en janvier 1946 et ma m\u00e8re m\u2019a tr\u00e8s souvent parl\u00e9 de ses beaux-parents, en particulier de sa belle-m\u00e8re Marie-Anne Gueylard, de ses d\u00e9marches innombrables et vaines pour retrouver la trace de son mari\u2026Quand, install\u00e9e \u00e0 Paris, elle allait chercher du pain, elle mettait toujours un mot sur la porte \u00e0 son intention, et elle retrouvait ce mot \u00e0 la m\u00eame place en revenant\u2026<br><\/p>\n<!-- \/wp:paragraph -->\n\n<!-- wp:paragraph -->\n<p>Notre grand-p\u00e8re, dans l\u2019\u00e9poque si difficile de 1939 \u00e0 1945, en particulier dans sa position, donne un exemple de lucidit\u00e9 et de droiture exceptionnelles: il avait fait mettre du gravier dans l\u2019all\u00e9e de son logement au Breuil \u00ab je les entendrai arriver \u00bb, disait-il. Et, quand la menace \u00e9tait devenue tr\u00e8s proche pour lui, il avait refus\u00e9 de partir en Suisse, ce qui aurait \u00e9t\u00e9 pour lui une d\u00e9sertion\u2026Il n\u2019appartenait pas aux cat\u00e9gories rappel\u00e9es par Jean-Michel, il n\u2019\u00e9tait ni juif, ni tzigane, etc\u2026mais il fut d\u00e9port\u00e9 pour avoir r\u00e9sist\u00e9 \u00e0 la barbarie nazie tout en restant \u00e0 son poste pour que l\u2019usine continue \u00e0 fournir du travail aux milliers de familles qui en d\u00e9pendaient au quotidien. Il fallait une grande habilet\u00e9 pour duper les nazis et ils ont fini par le comprendre.<br><\/p>\n<!-- \/wp:paragraph -->\n\n<!-- wp:paragraph -->\n<p>Et notre grand-m\u00e8re, Marie-Anne, la 5\u00e8me des huit filles Gueylard, r\u00e9\u00e9quilibrait par sa douceur et sa finesse, le c\u00f4t\u00e9 sans doute un peu rugueux de son mari alsacien. Au Creusot elle avait aussi grand souci des difficult\u00e9s mat\u00e9rielles des ouvriers. Elle fut la compagne lumineuse d\u2019Henri Stroh qui parvint \u00e0 lui faire passer des mots touchants, rares et \u00e9mouvants.<br><\/p>\n<!-- \/wp:paragraph -->\n\n<!-- wp:paragraph -->\n<p>Ce drame familial fut lourd \u00e0 porter mais il nous oblige aussi \u00e0 poser les vraies questions: si, dans une situation dramatique, nous \u00e9tions confront\u00e9s \u00e0 des choix vitaux, lesquels ferions-nous, et au nom de quoi et comment? Notre grand-p\u00e8re avait choisi d\u2019assumer ses responsabilit\u00e9s jusqu\u2019\u00e0 l\u2019ultime\u2026<br><\/p>\n<!-- \/wp:paragraph -->\n\n<!-- wp:paragraph -->\n<p>La commune de Lamonzie St Martin peut \u00eatre fi\u00e8re de cette le\u00e7on de vie. Merci encore, monsieur le Maire, de contribuer, par la pose de cette plaque, \u00e0 garder la m\u00e9moire de cet exemple et \u00e0 faire r\u00e9fl\u00e9chir nos jeunes sur leurs priorit\u00e9s essentielles dans leur vie \u00e0 venir.<br><\/p>\n<!-- \/wp:paragraph -->\n\n<!-- wp:paragraph -->\n<p><strong>Martine Pailhes Stroh<\/strong><\/p>\n<!-- \/wp:paragraph -->\n\n<!-- wp:heading {\"fontSize\":\"large\"} -->\n<h2 class=\"has-large-font-size\">Documents Henri Stroh<\/h2>\n<!-- \/wp:heading -->\n\n<!-- wp:heading {\"level\":3} -->\n<h3>Serment de Buchenwald<\/h3>\n<!-- \/wp:heading -->\n\n<!-- wp:paragraph -->\n<p>Le serment de Buchenwald a \u00e9t\u00e9 prononc\u00e9 sur la place d\u2019appel du camp de Buchenwald<br>le 19 avril 1945 , une semaine apr\u00e8s la lib\u00e9ration du camp<br>\u00ab Nous, les d\u00e9tenus de Buchenwald, nous sommes venus aujourd\u2019hui pour honorer les 51 000<br>prisonniers assassin\u00e9s \u00e0 Buchenwald et dans les Kommandos ext\u00e9rieurs par les brutes nazies<br>et leurs complices. 51 000 des n\u00f4tres ont \u00e9t\u00e9 fusill\u00e9s, pendus, \u00e9cras\u00e9s, frapp\u00e9s \u00e0 mort, \u00e9touff\u00e9s,<br>noy\u00e9s, empoisonn\u00e9s et tu\u00e9s par piq\u00fbres. 51 000 p\u00e8res, fr\u00e8res, fils sont morts d\u2019une mort pleine<br>de souffrances, parce qu\u2019ils ont lutt\u00e9 contre le r\u00e9gime des assassins fascistes. 51000 m\u00e8res,<br>\u00e9pouses et des centaines de milliers d\u2019enfants accusent. Nous, qui sommes rest\u00e9s en vie et qui<br>sommes des t\u00e9moins de la brutalit\u00e9 nazie, avons gard\u00e9 avec une rage impuissante la mort de<br>nos camarades. Si quelque chose nous a aid\u00e9s \u00e0 survivre, c\u2019\u00e9tait l\u2019id\u00e9e que le jour de la justice<br>arriverait.<br>AUJOURD\u2019HUI NOUS SOMMES LIBRES<br>Nous remercions les arm\u00e9es alli\u00e9es, les Am\u00e9ricains, les Anglais, les Sovi\u00e9tiques, et toutes les<br>arm\u00e9es de lib\u00e9ration qui luttent pour la paix et la vie du monde entier. Nous rendons<br>hommage au grand ami des antifascistes de tous les pays, \u00e0 l\u2019organisateur et initiateur de la<br>lutte pour un monde nouveau, que F.D. Roosevelt. Honneur \u00e0 son souvenir. Nous ; ceux de<br>Buchenwald, Russes, Fran\u00e7ais, Polonais, Tch\u00e9coslovaques et Allemands, Espagnols, Italiens<br>et Autrichiens, Belges et Hollandais, Luxembourgeois, Roumains, Yougoslaves et Hongrois,<br>nous avons lutt\u00e9 en commun contre les SS, contre les criminels nazis, pour notre lib\u00e9ration.<br>Une pens\u00e9e nous anime<br>NOTRE CAUSE EST JUSTE, LA VICTOIRE SERA NOTRE.<br>Nous avons men\u00e9 en beaucoup de langues la m\u00eame lutte dure et impitoyable. Cette lutte<br>exigeait beaucoup de victimes et elle n\u2019est pas encore termin\u00e9e. Les drapeaux flottent encore<br>et les assassins de nos camarades sont encore en vie. Nos tortionnaires sadiques sont encore<br>en libert\u00e9. C\u2019est pour \u00e7a que nous jurons, sur ces lieux de crimes fascistes, devant le monde<br>entier, que nous abandonnerons seulement la lutte quand le dernier des responsables sera<br>condamn\u00e9 devant le tribunal de toutes les nations : L\u2019\u00e9crasement d\u00e9finitif du nazisme est<br>notre t\u00e2che.<br>NOTRE ID\u00c9AL EST LA CONSTRUCTION D\u2019UN MONDE NOUVEAU DANS LA PAIX<br>ET LA LIBERT\u00c9.<br>Nous le devons \u00e0 nos camarades tu\u00e9s et \u00e0 leurs familles. Levez vos mains et jurez pour<br>d\u00e9montrer que vous \u00eates pr\u00eats \u00e0 la lutte. \u00bb<\/p>\n<!-- \/wp:paragraph -->\n\n<!-- wp:heading {\"level\":3} -->\n<h3>Documents personnels<\/h3>\n<!-- \/wp:heading -->\n\n<!-- wp:paragraph -->\n<p><\/p>\n<!-- \/wp:paragraph -->\n\n<!-- wp:image {\"align\":\"center\",\"id\":2552,\"width\":467,\"height\":352,\"sizeSlug\":\"full\",\"linkDestination\":\"attachment\"} -->\n<figure class=\"wp-block-image aligncenter size-full is-resized\"><a href=\"https:\/\/stroteam.com\/index.php\/henri-stroh\/naissh\/\"><img src=\"https:\/\/stroteam.com\/wp-content\/uploads\/2023\/05\/NaissH.jpg\" alt=\"\" class=\"wp-image-2552\" width=\"467\" height=\"352\"\/><\/a><figcaption class=\"wp-element-caption\">Certificat de Naissance de Henri<\/figcaption><\/figure>\n<!-- \/wp:image -->\n\n<!-- wp:columns -->\n<div class=\"wp-block-columns\"><!-- wp:column -->\n<div class=\"wp-block-column\"><!-- wp:paragraph -->\n<p><\/p>\n<!-- \/wp:paragraph -->\n\n<!-- wp:paragraph -->\n<p><\/p>\n<!-- \/wp:paragraph -->\n\n<!-- wp:paragraph -->\n<p><\/p>\n<!-- \/wp:paragraph -->\n\n<!-- wp:paragraph -->\n<p><\/p>\n<!-- \/wp:paragraph -->\n\n<!-- wp:paragraph -->\n<p><\/p>\n<!-- \/wp:paragraph -->\n\n<!-- wp:paragraph {\"align\":\"center\"} -->\n<p class=\"has-text-align-center\">Anne-Marie et Henri<\/p>\n<!-- \/wp:paragraph --><\/div>\n<!-- \/wp:column -->\n\n<!-- wp:column -->\n<div class=\"wp-block-column\"><!-- wp:image {\"id\":2568,\"sizeSlug\":\"full\",\"linkDestination\":\"attachment\"} -->\n<figure class=\"wp-block-image size-full\"><a href=\"https:\/\/stroteam.com\/index.php\/henri-stroh\/marieanne-stroh-1910-2\/\"><img src=\"https:\/\/stroteam.com\/wp-content\/uploads\/2023\/05\/MarieAnne-Stroh-1910-2.jpg\" alt=\"\" class=\"wp-image-2568\"\/><\/a><\/figure>\n<!-- \/wp:image --><\/div>\n<!-- \/wp:column -->\n\n<!-- wp:column -->\n<div class=\"wp-block-column\"><!-- wp:image {\"id\":2570,\"sizeSlug\":\"full\",\"linkDestination\":\"attachment\"} -->\n<figure class=\"wp-block-image size-full\"><a href=\"https:\/\/stroteam.com\/index.php\/henri-stroh\/henri2\/\"><img src=\"https:\/\/stroteam.com\/wp-content\/uploads\/2023\/05\/Henri2.jpg\" alt=\"\" class=\"wp-image-2570\"\/><\/a><\/figure>\n<!-- \/wp:image --><\/div>\n<!-- \/wp:column --><\/div>\n<!-- \/wp:columns -->\n\n<!-- wp:image {\"align\":\"center\",\"id\":2560,\"width\":293,\"height\":437,\"sizeSlug\":\"full\",\"linkDestination\":\"attachment\"} -->\n<figure class=\"wp-block-image aligncenter size-full is-resized\"><a href=\"https:\/\/stroteam.com\/index.php\/henri-stroh\/torpille\/\"><img src=\"https:\/\/stroteam.com\/wp-content\/uploads\/2023\/05\/Torpille.jpg\" alt=\"\" class=\"wp-image-2560\" width=\"293\" height=\"437\"\/><\/a><figcaption class=\"wp-element-caption\">Publication d'Henri<\/figcaption><\/figure>\n<!-- \/wp:image -->\n\n<!-- wp:image {\"align\":\"center\",\"id\":2573,\"width\":389,\"height\":586,\"sizeSlug\":\"full\",\"linkDestination\":\"attachment\"} -->\n<figure class=\"wp-block-image aligncenter size-full is-resized\"><a href=\"https:\/\/stroteam.com\/index.php\/henri-stroh\/alscaciens\/\"><img src=\"https:\/\/stroteam.com\/wp-content\/uploads\/2023\/05\/Alscaciens.jpg\" alt=\"\" class=\"wp-image-2573\" width=\"389\" height=\"586\"\/><\/a><figcaption class=\"wp-element-caption\">MA et H en Alsacien<\/figcaption><\/figure>\n<!-- \/wp:image -->\n\n<!-- wp:paragraph {\"fontSize\":\"medium\"} -->\n<p class=\"has-medium-font-size\"><strong>Bel hommage de Madeleine \u00e0 son amie Marie-Anne (la femme d'Henri) publi\u00e9 dans<\/strong> <strong>le bulletin des Anciens du Lyc\u00e9e F\u00e9nelon en Mars 1949<\/strong><\/p>\n<!-- \/wp:paragraph -->\n\n<!-- wp:file {\"id\":2556,\"href\":\"https:\/\/stroteam.com\/wp-content\/uploads\/2023\/05\/Marie-Anne-Geylard.pdf\",\"showDownloadButton\":false,\"displayPreview\":true,\"previewHeight\":700} -->\n<div class=\"wp-block-file\"><object class=\"wp-block-file__embed\" data=\"https:\/\/stroteam.com\/wp-content\/uploads\/2023\/05\/Marie-Anne-Geylard.pdf\" type=\"application\/pdf\" style=\"width:100%;height:700px\" aria-label=\"Marie-Anne-Geylard\"><\/object><a id=\"wp-block-file--media-5af874de-4fe4-45c0-8ec1-a9d9ccd7ed9d\" href=\"https:\/\/stroteam.com\/wp-content\/uploads\/2023\/05\/Marie-Anne-Geylard.pdf\">Marie-Anne-Geylard<\/a><\/div>\n<!-- \/wp:file -->","_et_gb_content_width":""},"yoast_head":"<!-- This site is optimized with the Yoast SEO plugin v20.5 - https:\/\/yoast.com\/wordpress\/plugins\/seo\/ -->\n<title>David Fowler- Math\u00e9matique- Gr\u00e8ce - nombre d&#039;Or<\/title>\n<meta name=\"description\" content=\"\u00c9l\u00e9ments familiaux sur David Fowler\" \/>\n<meta name=\"robots\" content=\"index, follow, max-snippet:-1, max-image-preview:large, max-video-preview:-1\" \/>\n<link rel=\"canonical\" href=\"https:\/\/stroteam.com\/index.php\/david-fowler\/\" \/>\n<meta property=\"og:locale\" content=\"en_US\" \/>\n<meta property=\"og:type\" content=\"article\" \/>\n<meta property=\"og:title\" content=\"David Fowler- Math\u00e9matique- Gr\u00e8ce - nombre d&#039;Or\" \/>\n<meta property=\"og:description\" content=\"\u00c9l\u00e9ments familiaux sur David Fowler\" \/>\n<meta property=\"og:url\" content=\"https:\/\/stroteam.com\/index.php\/david-fowler\/\" \/>\n<meta property=\"og:site_name\" content=\"Family Stroh &amp; Co\" \/>\n<meta property=\"article:modified_time\" content=\"2023-10-02T19:52:05+00:00\" \/>\n<meta property=\"og:image\" content=\"http:\/\/stroteam.com\/wp-content\/uploads\/2023\/05\/Ottwiller_67_vue_aerienne.jpg\" \/>\n\t<meta property=\"og:image:width\" content=\"1280\" \/>\n\t<meta property=\"og:image:height\" content=\"960\" \/>\n\t<meta property=\"og:image:type\" content=\"image\/jpeg\" \/>\n<meta name=\"twitter:card\" content=\"summary_large_image\" \/>\n<meta name=\"twitter:label1\" content=\"Est. reading time\" \/>\n\t<meta name=\"twitter:data1\" content=\"2 minutes\" \/>\n<script type=\"application\/ld+json\" class=\"yoast-schema-graph\">{\"@context\":\"https:\/\/schema.org\",\"@graph\":[{\"@type\":\"WebPage\",\"@id\":\"https:\/\/stroteam.com\/index.php\/david-fowler\/\",\"url\":\"https:\/\/stroteam.com\/index.php\/david-fowler\/\",\"name\":\"David Fowler- Math\u00e9matique- Gr\u00e8ce - nombre d'Or\",\"isPartOf\":{\"@id\":\"https:\/\/stroteam.com\/#website\"},\"datePublished\":\"2023-10-01T22:22:08+00:00\",\"dateModified\":\"2023-10-02T19:52:05+00:00\",\"description\":\"\u00c9l\u00e9ments familiaux sur David Fowler\",\"breadcrumb\":{\"@id\":\"https:\/\/stroteam.com\/index.php\/david-fowler\/#breadcrumb\"},\"inLanguage\":\"en-US\",\"potentialAction\":[{\"@type\":\"ReadAction\",\"target\":[\"https:\/\/stroteam.com\/index.php\/david-fowler\/\"]}]},{\"@type\":\"BreadcrumbList\",\"@id\":\"https:\/\/stroteam.com\/index.php\/david-fowler\/#breadcrumb\",\"itemListElement\":[{\"@type\":\"ListItem\",\"position\":1,\"name\":\"Accueil\",\"item\":\"https:\/\/stroteam.com\/\"},{\"@type\":\"ListItem\",\"position\":2,\"name\":\"David Fowler\"}]},{\"@type\":\"WebSite\",\"@id\":\"https:\/\/stroteam.com\/#website\",\"url\":\"https:\/\/stroteam.com\/\",\"name\":\"Family Stroh &amp; Co\",\"description\":\"R\u00e9cits des familles Stroh &amp; Co du Saint Empire Germanique \u00e0 aujourd&#039;hui\",\"potentialAction\":[{\"@type\":\"SearchAction\",\"target\":{\"@type\":\"EntryPoint\",\"urlTemplate\":\"https:\/\/stroteam.com\/?s={search_term_string}\"},\"query-input\":\"required name=search_term_string\"}],\"inLanguage\":\"en-US\"}]}<\/script>\n<!-- \/ Yoast SEO plugin. -->","yoast_head_json":{"title":"David Fowler- Math\u00e9matique- Gr\u00e8ce - nombre d'Or","description":"\u00c9l\u00e9ments familiaux sur David Fowler","robots":{"index":"index","follow":"follow","max-snippet":"max-snippet:-1","max-image-preview":"max-image-preview:large","max-video-preview":"max-video-preview:-1"},"canonical":"https:\/\/stroteam.com\/index.php\/david-fowler\/","og_locale":"en_US","og_type":"article","og_title":"David Fowler- Math\u00e9matique- Gr\u00e8ce - nombre d'Or","og_description":"\u00c9l\u00e9ments familiaux sur David Fowler","og_url":"https:\/\/stroteam.com\/index.php\/david-fowler\/","og_site_name":"Family Stroh &amp; Co","article_modified_time":"2023-10-02T19:52:05+00:00","og_image":[{"width":1280,"height":960,"url":"http:\/\/stroteam.com\/wp-content\/uploads\/2023\/05\/Ottwiller_67_vue_aerienne.jpg","type":"image\/jpeg"}],"twitter_card":"summary_large_image","twitter_misc":{"Est. reading time":"2 minutes"},"schema":{"@context":"https:\/\/schema.org","@graph":[{"@type":"WebPage","@id":"https:\/\/stroteam.com\/index.php\/david-fowler\/","url":"https:\/\/stroteam.com\/index.php\/david-fowler\/","name":"David Fowler- Math\u00e9matique- Gr\u00e8ce - nombre d'Or","isPartOf":{"@id":"https:\/\/stroteam.com\/#website"},"datePublished":"2023-10-01T22:22:08+00:00","dateModified":"2023-10-02T19:52:05+00:00","description":"\u00c9l\u00e9ments familiaux sur David Fowler","breadcrumb":{"@id":"https:\/\/stroteam.com\/index.php\/david-fowler\/#breadcrumb"},"inLanguage":"en-US","potentialAction":[{"@type":"ReadAction","target":["https:\/\/stroteam.com\/index.php\/david-fowler\/"]}]},{"@type":"BreadcrumbList","@id":"https:\/\/stroteam.com\/index.php\/david-fowler\/#breadcrumb","itemListElement":[{"@type":"ListItem","position":1,"name":"Accueil","item":"https:\/\/stroteam.com\/"},{"@type":"ListItem","position":2,"name":"David Fowler"}]},{"@type":"WebSite","@id":"https:\/\/stroteam.com\/#website","url":"https:\/\/stroteam.com\/","name":"Family Stroh &amp; Co","description":"R\u00e9cits des familles Stroh &amp; Co du Saint Empire Germanique \u00e0 aujourd&#039;hui","potentialAction":[{"@type":"SearchAction","target":{"@type":"EntryPoint","urlTemplate":"https:\/\/stroteam.com\/?s={search_term_string}"},"query-input":"required name=search_term_string"}],"inLanguage":"en-US"}]}},"_links":{"self":[{"href":"https:\/\/stroteam.com\/index.php\/wp-json\/wp\/v2\/pages\/3713"}],"collection":[{"href":"https:\/\/stroteam.com\/index.php\/wp-json\/wp\/v2\/pages"}],"about":[{"href":"https:\/\/stroteam.com\/index.php\/wp-json\/wp\/v2\/types\/page"}],"author":[{"embeddable":true,"href":"https:\/\/stroteam.com\/index.php\/wp-json\/wp\/v2\/users\/2"}],"replies":[{"embeddable":true,"href":"https:\/\/stroteam.com\/index.php\/wp-json\/wp\/v2\/comments?post=3713"}],"version-history":[{"count":15,"href":"https:\/\/stroteam.com\/index.php\/wp-json\/wp\/v2\/pages\/3713\/revisions"}],"predecessor-version":[{"id":3871,"href":"https:\/\/stroteam.com\/index.php\/wp-json\/wp\/v2\/pages\/3713\/revisions\/3871"}],"wp:featuredmedia":[{"embeddable":true,"href":"https:\/\/stroteam.com\/index.php\/wp-json\/wp\/v2\/media\/2245"}],"wp:attachment":[{"href":"https:\/\/stroteam.com\/index.php\/wp-json\/wp\/v2\/media?parent=3713"}],"curies":[{"name":"wp","href":"https:\/\/api.w.org\/{rel}","templated":true}]}}